{"id":2086,"date":"2024-11-03T16:11:48","date_gmt":"2024-11-03T15:11:48","guid":{"rendered":"https:\/\/franceagritwittos.com\/?page_id=2086"},"modified":"2024-12-13T10:54:17","modified_gmt":"2024-12-13T09:54:17","slug":"nos-actions","status":"publish","type":"page","link":"https:\/\/franceagritwittos.com\/index.php\/nos-actions\/","title":{"rendered":"Nos actions"},"content":{"rendered":"\n<div class=\"wp-block-cover alignfull\" style=\"min-height:196px;aspect-ratio:unset;\"><span aria-hidden=\"true\" class=\"wp-block-cover__background has-nv-dark-bg-background-color has-background-dim-20 has-background-dim\"><\/span><img loading=\"lazy\" decoding=\"async\" width=\"1800\" height=\"880\" class=\"wp-block-cover__image-background wp-image-1622\" alt=\"\" src=\"http:\/\/franceagritwittos.com\/wp-content\/uploads\/2023\/03\/FrAgTw_slider2023-1.jpg\" style=\"object-position:46% 55%\" data-object-fit=\"cover\" data-object-position=\"46% 55%\" srcset=\"https:\/\/franceagritwittos.com\/wp-content\/uploads\/2023\/03\/FrAgTw_slider2023-1.jpg 1800w, https:\/\/franceagritwittos.com\/wp-content\/uploads\/2023\/03\/FrAgTw_slider2023-1-300x147.jpg 300w, https:\/\/franceagritwittos.com\/wp-content\/uploads\/2023\/03\/FrAgTw_slider2023-1-1024x501.jpg 1024w, https:\/\/franceagritwittos.com\/wp-content\/uploads\/2023\/03\/FrAgTw_slider2023-1-768x375.jpg 768w, https:\/\/franceagritwittos.com\/wp-content\/uploads\/2023\/03\/FrAgTw_slider2023-1-1536x751.jpg 1536w\" sizes=\"(max-width: 1800px) 100vw, 1800px\" \/><div class=\"wp-block-cover__inner-container is-layout-flow wp-block-cover-is-layout-flow\">\n<div class=\"wp-block-group\"><div class=\"wp-block-group__inner-container is-layout-flow wp-block-group-is-layout-flow\">\n<div style=\"height:21px\" aria-hidden=\"true\" class=\"wp-block-spacer\"><\/div>\n<\/div><\/div>\n\n\n\n<h2 class=\"wp-block-heading\">Nos actions<\/h2>\n\n\n\n<div style=\"height:21px\" aria-hidden=\"true\" class=\"wp-block-spacer\"><\/div>\n<\/div><\/div>\n\n\n\n<div id=\"wp-block-themeisle-blocks-accordion-f6efe425\" class=\"wp-block-themeisle-blocks-accordion exclusive\">\n<details open class=\"wp-block-themeisle-blocks-accordion-item\"><summary class=\"wp-block-themeisle-blocks-accordion-item__title\"><div><strong>La banque d&rsquo;images : des photos authentiques de l&rsquo;agriculture fran\u00e7aise \u00e0 disposition de la presse<\/strong><\/div><\/summary><div class=\"wp-block-themeisle-blocks-accordion-item__content\">\n<p class=\"has-nv-dark-bg-color has-text-color has-link-color wp-elements-4192adda5f878f8a554f197afee8110f\">Lass\u00e9s des photos d&rsquo;ailleurs illustrant des articles sur l&rsquo;agriculture fran\u00e7aise, les membres de FranceAgriTwittos ont d\u00e9cid\u00e9 de rem\u00e9dier \u00e0 cela en cr\u00e9ant une banque d&rsquo;image authentiques.<\/p>\n\n\n\n<p class=\"has-nv-dark-bg-color has-text-color has-link-color wp-elements-b1738ae4cdaa2aa989a90f8b00adee4e\">Ils partagent leurs propres photos de fermes, de cultures et d&rsquo;\u00e9levage en France. Ces images, class\u00e9es et tagu\u00e9es, sont mises \u00e0 disposition des journalistes, des institutions et des enseignants pour illustrer leurs travaux.<\/p>\n\n\n\n<p class=\"has-nv-dark-bg-color has-text-color has-link-color wp-elements-57968142506241c6527d05ac0d136252\">Les photos sont propos\u00e9es en Licence Creative Commons (BY-NC) : c\u2019est-\u00e0-dire une utilisation non commerciale de la photo sur tous les types de format, en mentionnant l\u2019auteur.<\/p>\n\n\n\n<p><strong>Pour y acc\u00e9der, cliquez sur l&rsquo;image<\/strong><\/p>\n\n\n\n<figure class=\"wp-block-image\"><a href=\"https:\/\/franceagritwittos.com\/images\/\" target=\"_blank\" rel=\"noreferrer noopener\"><img loading=\"lazy\" decoding=\"async\" width=\"1888\" height=\"831\" src=\"https:\/\/franceagritwittos.com\/wp-content\/uploads\/2024\/11\/Banque-dimages.png\" alt=\"\" class=\"wp-image-2213\" srcset=\"https:\/\/franceagritwittos.com\/wp-content\/uploads\/2024\/11\/Banque-dimages.png 1888w, https:\/\/franceagritwittos.com\/wp-content\/uploads\/2024\/11\/Banque-dimages-300x132.png 300w, https:\/\/franceagritwittos.com\/wp-content\/uploads\/2024\/11\/Banque-dimages-1024x451.png 1024w, https:\/\/franceagritwittos.com\/wp-content\/uploads\/2024\/11\/Banque-dimages-768x338.png 768w, https:\/\/franceagritwittos.com\/wp-content\/uploads\/2024\/11\/Banque-dimages-1536x676.png 1536w\" sizes=\"(max-width: 1888px) 100vw, 1888px\" \/><\/a><\/figure>\n<\/div><\/details>\n\n\n\n<details class=\"wp-block-themeisle-blocks-accordion-item\"><summary class=\"wp-block-themeisle-blocks-accordion-item__title\"><div><strong>Le guide vert de communication<\/strong><\/div><\/summary><div class=\"wp-block-themeisle-blocks-accordion-item__content\">\n<div class=\"wp-block-columns is-layout-flex wp-container-core-columns-is-layout-1 wp-block-columns-is-layout-flex\">\n<div class=\"wp-block-column is-layout-flow wp-block-column-is-layout-flow\" style=\"flex-basis:50%\">\n<p>Communiquer clairement sur son m\u00e9tier d&rsquo;agriculteur n&rsquo;est pas toujours \u00e9vident, surtout quand le temps manque. Ce guide pratique vous donne les cl\u00e9s pour vous exprimer simplement et efficacement sur les r\u00e9seaux sociaux. <\/p>\n\n\n\n<p>Fort de notre exp\u00e9rience, nous vous proposons des conseils concrets pour \u00e9changer avec vos interlocuteurs, m\u00eame les plus sceptiques. Vous y d\u00e9couvrirez comment l&#8217;empathie et l&rsquo;ouverture d&rsquo;esprit peuvent faire toute la diff\u00e9rence dans vos \u00e9changes. <\/p>\n\n\n\n<p><strong>Commandez votre guide d\u00e8s maintenant et simplifiez votre communication<\/strong><\/p>\n<\/div>\n\n\n\n<div class=\"wp-block-column is-layout-flow wp-block-column-is-layout-flow\" style=\"flex-basis:50%\"><div class=\"wp-block-image\">\n<figure class=\"aligncenter size-large is-resized\"><img loading=\"lazy\" decoding=\"async\" width=\"640\" height=\"1024\" src=\"http:\/\/franceagritwittos.com\/wp-content\/uploads\/2020\/02\/couv_guide_FranceAgriTwittos-640x1024.png\" alt=\"\" class=\"wp-image-202\" style=\"width:192px;height:auto\" srcset=\"https:\/\/franceagritwittos.com\/wp-content\/uploads\/2020\/02\/couv_guide_FranceAgriTwittos-640x1024.png 640w, https:\/\/franceagritwittos.com\/wp-content\/uploads\/2020\/02\/couv_guide_FranceAgriTwittos-188x300.png 188w, https:\/\/franceagritwittos.com\/wp-content\/uploads\/2020\/02\/couv_guide_FranceAgriTwittos-768x1229.png 768w, https:\/\/franceagritwittos.com\/wp-content\/uploads\/2020\/02\/couv_guide_FranceAgriTwittos.png 800w\" sizes=\"(max-width: 640px) 100vw, 640px\" \/><\/figure><\/div><\/div>\n<\/div>\n\n\n\n<div class=\"wp-block-buttons is-layout-flex wp-block-buttons-is-layout-flex\">\n<div class=\"wp-block-button is-style-primary\"><a class=\"wp-block-button__link has-nv-c-1-background-color has-background wp-element-button\" href=\"https:\/\/franceagritwittos.com\/nous-contacter\/\" target=\"_blank\" rel=\"noreferrer noopener\">Nous contacter pour le recevoir<\/a><\/div>\n<\/div>\n<\/div><\/details>\n\n\n\n<details class=\"wp-block-themeisle-blocks-accordion-item\"><summary class=\"wp-block-themeisle-blocks-accordion-item__title\"><div><strong>Au contact direct de la presse sp\u00e9cialis\u00e9e et g\u00e9n\u00e9raliste<\/strong><\/div><\/summary><div class=\"wp-block-themeisle-blocks-accordion-item__content\">\n<p>Un appel de TF1 pour faire intervenir un #FrAgTw dans un reportage ? Une demande de RTL pour compl\u00e9ter une table ronde avec un agriculteur ? Un tweet d\u2019un journaliste de M6 cherchant un #FrAgTw pour avoir son avis sur un sujet d\u2019actualit\u00e9 ? <\/p>\n\n\n\n<p>L&rsquo;int\u00e9r\u00eat d\u2019une communaut\u00e9 est avant tout sa visibilit\u00e9. Aujourd&rsquo;hui, les m\u00e9dias sp\u00e9cialis\u00e9s du secteur agricole mais aussi les<a href=\"https:\/\/x.com\/HThiefin\/status\/1654555071101763584\" target=\"_blank\" rel=\"noreferrer noopener\"> m\u00e9dias grand public<\/a> comme les cha\u00eenes d\u2019infos savent qu\u2019ils peuvent trouver, chez les adh\u00e9rentes et adh\u00e9rents de l&rsquo;association, des personnes ayant l\u2019habitude de communiquer, d\u2019expliquer ce qu\u2019elles font, etc.<\/p>\n\n\n\n<p>R\u00e9guli\u00e8rement, l\u2019association re\u00e7oit des demandes de journalistes cherchant un profil d\u2019agriculteur ou agricultrice, une r\u00e9action \u00e0 une actualit\u00e9, etc. Le bureau se charge alors de mettre en relation les personnes qui pourraient convenir avec les journalistes.<\/p>\n\n\n\n<div class=\"wp-block-buttons is-layout-flex wp-block-buttons-is-layout-flex\">\n<div class=\"wp-block-button is-style-primary\"><a class=\"wp-block-button__link has-neve-link-hover-color-background-color has-background wp-element-button\" href=\"https:\/\/franceagritwittos.com\/nous-contacter\/\" target=\"_blank\" rel=\"noreferrer noopener\">Nous contacter<\/a><\/div>\n<\/div>\n<\/div><\/details>\n\n\n\n<details class=\"wp-block-themeisle-blocks-accordion-item\"><summary class=\"wp-block-themeisle-blocks-accordion-item__title\"><div><strong>Les interventions ext\u00e9rieures<\/strong> : l&rsquo;occasion de pr\u00e9senter l&rsquo;association et des actions<\/div><\/summary><div class=\"wp-block-themeisle-blocks-accordion-item__content\">\n<div class=\"wp-block-columns is-layout-flex wp-container-core-columns-is-layout-2 wp-block-columns-is-layout-flex\">\n<div class=\"wp-block-column is-layout-flow wp-block-column-is-layout-flow\">\n<figure class=\"wp-block-image size-large is-resized\"><img loading=\"lazy\" decoding=\"async\" width=\"1024\" height=\"768\" src=\"http:\/\/franceagritwittos.com\/wp-content\/uploads\/2020\/02\/2020-02-AG-APVA-haute-marne-1024x768.jpg\" alt=\"\" class=\"wp-image-855\" style=\"width:561px;height:auto\" srcset=\"https:\/\/franceagritwittos.com\/wp-content\/uploads\/2020\/02\/2020-02-AG-APVA-haute-marne-1024x768.jpg 1024w, https:\/\/franceagritwittos.com\/wp-content\/uploads\/2020\/02\/2020-02-AG-APVA-haute-marne-300x225.jpg 300w, https:\/\/franceagritwittos.com\/wp-content\/uploads\/2020\/02\/2020-02-AG-APVA-haute-marne-768x576.jpg 768w, https:\/\/franceagritwittos.com\/wp-content\/uploads\/2020\/02\/2020-02-AG-APVA-haute-marne-1536x1152.jpg 1536w, https:\/\/franceagritwittos.com\/wp-content\/uploads\/2020\/02\/2020-02-AG-APVA-haute-marne-400x300.jpg 400w, https:\/\/franceagritwittos.com\/wp-content\/uploads\/2020\/02\/2020-02-AG-APVA-haute-marne.jpg 1600w\" sizes=\"(max-width: 1024px) 100vw, 1024px\" \/><figcaption class=\"wp-element-caption\"><em>APVA Haute Marne : Table Ronde \u00e0 l&rsquo;AG &#8211; f\u00e9vrier 2020<\/em><\/figcaption><\/figure>\n<\/div>\n\n\n\n<div class=\"wp-block-column is-vertically-aligned-center is-layout-flow wp-block-column-is-layout-flow\">\n<p>Les interventions sont l\u2019occasion de faire conna\u00eetre l\u2019association \u00e0 d\u2019autres personnes, d\u2019\u00e9changer sur ces sujets, et parfois de recruter de nouveaux twittos voire de nouveaux adh\u00e9rents. Il existe diff\u00e9rentes formes d\u2019interventions : <\/p>\n\n\n\n<ul class=\"wp-block-list\">\n<li>\u00c0 l\u2019initiative des adh\u00e9rents : les interventions peuvent se faire \u00e0 l\u2019initiative des adh\u00e9rents pour pr\u00e9senter l\u2019association dans une \u00e9cole, une coop\u00e9rative, etc.<\/li>\n\n\n\n<li> \u00c0 la demande d\u2019une organisation : l\u2019association est sollicit\u00e9e par des organismes pour venir t\u00e9moigner et\/ou pr\u00e9senter l\u2019asso ou m\u00eame former \u00e0 la communication positive ou aux r\u00e9seaux sociaux<\/li>\n<\/ul>\n<\/div>\n<\/div>\n\n\n\n<div class=\"wp-block-buttons is-layout-flex wp-block-buttons-is-layout-flex\">\n<div class=\"wp-block-button is-style-primary\"><a class=\"wp-block-button__link has-neve-link-hover-color-background-color has-background wp-element-button\" href=\"https:\/\/franceagritwittos.com\/nous-contacter\/\" target=\"_blank\" rel=\"noreferrer noopener\">Demander une intervention<\/a><\/div>\n<\/div>\n<\/div><\/details>\n\n\n\n<details class=\"wp-block-themeisle-blocks-accordion-item\"><summary class=\"wp-block-themeisle-blocks-accordion-item__title\"><div><strong>Les tweet-ap\u00e9ros<\/strong> : pour passer du virtuel des r\u00e9seaux sociaux au r\u00e9el de l&rsquo;ap\u00e9ro<\/div><\/summary><div class=\"wp-block-themeisle-blocks-accordion-item__content\">\n<p>On profite d\u2019un \u00e9v\u00e9nement, souvent un salon agricole, pour r\u00e9unir les adh\u00e9rents lors d\u2019une rencontre IRL (in the real life) pour \u00e9changer et se voir autour d\u2019un ou plusieurs verres. Les invitations sont lanc\u00e9es sur les r\u00e9seaux, avec un rendez-vous (date et lieu, stand).<\/p>\n\n\n\n<p>Le tweet ap\u00e9ro le plus attendu est celui du SIA. C\u2019est en g\u00e9n\u00e9ral celui qui r\u00e9unit le plus d\u2019adh\u00e9rents. Mais il y en a toute l\u2019ann\u00e9e dans toute la France : Culturales, Innov-Agri, SPACE, Foire de Chalon, Tech &amp; Bio, Sommet de l\u2019Elevage, SIMA, etc.<\/p>\n\n\n\n<p><strong>Nous acceptons les invitations pour organiser un tweet-ap\u00e9ro (tant qu\u2019elles restent apolitiques et asyndicales).<\/strong><\/p>\n\n\n<div class=\"wp-block-image\">\n<figure class=\"aligncenter size-large\"><img loading=\"lazy\" decoding=\"async\" width=\"1024\" height=\"501\" src=\"http:\/\/franceagritwittos.com\/wp-content\/uploads\/2023\/03\/FrAgTw_slider2023--1024x501.jpg\" alt=\"\" class=\"wp-image-1620\" srcset=\"https:\/\/franceagritwittos.com\/wp-content\/uploads\/2023\/03\/FrAgTw_slider2023--1024x501.jpg 1024w, https:\/\/franceagritwittos.com\/wp-content\/uploads\/2023\/03\/FrAgTw_slider2023--300x147.jpg 300w, https:\/\/franceagritwittos.com\/wp-content\/uploads\/2023\/03\/FrAgTw_slider2023--768x375.jpg 768w, https:\/\/franceagritwittos.com\/wp-content\/uploads\/2023\/03\/FrAgTw_slider2023--1536x751.jpg 1536w, https:\/\/franceagritwittos.com\/wp-content\/uploads\/2023\/03\/FrAgTw_slider2023-.jpg 1800w\" sizes=\"(max-width: 1024px) 100vw, 1024px\" \/><\/figure><\/div><\/div><\/details>\n\n\n\n<details class=\"wp-block-themeisle-blocks-accordion-item\"><summary class=\"wp-block-themeisle-blocks-accordion-item__title\"><div><strong>Les rencontres adh\u00e9rents<\/strong> : une soir\u00e9e, une journ\u00e9e, un week-end pour se retrouver entre adh\u00e9rentes et adh\u00e9rents<\/div><\/summary><div class=\"wp-block-themeisle-blocks-accordion-item__content\">\n<p>Les membres de l&rsquo;association ont rapidement \u00e9prouv\u00e9 le besoin de se retrouver en vrai. Des assembl\u00e9es g\u00e9n\u00e9rales aux \u00e9v\u00e9nements locaux, en passant par les incontournables SIA, les occasions de se rencontrer se sont multipli\u00e9es. <\/p>\n\n\n\n<p>Aujourd&rsquo;hui, les rencontres r\u00e9gionales sont devenues un rendez-vous incontournable, pour se retrouver le temps d&rsquo;un week-end, d&rsquo;une journ\u00e9e ou d&rsquo;un repas. L&rsquo;occasion de d\u00e9couvrir de nouveaux horizons, de partager des moments conviviaux et de renforcer les liens au sein de notre communaut\u00e9<\/p>\n<\/div><\/details>\n\n\n\n<details class=\"wp-block-themeisle-blocks-accordion-item\"><summary class=\"wp-block-themeisle-blocks-accordion-item__title\"><div><strong>FrAgriKiki<\/strong> : la mascotte<\/div><\/summary><div class=\"wp-block-themeisle-blocks-accordion-item__content\">\n<p>N\u00e9e en avril 2023, cette petite boule de curiosit\u00e9 sillonne la France \u00e0 la rencontre de nos adh\u00e9rents. Son objectif : offrir aux adh\u00e9rentes et adh\u00e9rents qui le re\u00e7oivent un outil de communication un peu diff\u00e9rent, permettant parfois de se lancer dans l&rsquo;\u00e9criture de publications.<\/p>\n\n\n\n<p>Sur X (@FrAgriKiKi) et TikTok, suivez ses aventures et plongez au c\u0153ur des diff\u00e9rentes facettes de l&rsquo;agriculture fran\u00e7aise. Aux quatre coins de la France, notre mascotte d\u00e9couvre et fait d\u00e9couvrir les m\u00e9tiers, les r\u00e9gions et les passionn\u00e9s qui font la richesse de notre agriculture. Un voyage ludique et p\u00e9dagogique \u00e0 ne pas manquer !<\/p>\n\n\n\n<figure class=\"wp-block-embed alignwide is-type-rich is-provider-twitter wp-block-embed-twitter\"><div class=\"wp-block-embed__wrapper\">\n<div class=\"twitter-tweet\"><blockquote class=\"twitter-tweet\" data-lang=\"fr\"><p lang=\"fr\" dir=\"ltr\">Retour sur ma journ\u00e9e d&#39;hier :<br>Bel expos\u00e9 sur les couverts v\u00e9g\u00e9taux et leurs int\u00e9r\u00eats. <a href=\"https:\/\/t.co\/snIgS4Bxfz\">https:\/\/t.co\/snIgS4Bxfz<\/a><\/p>&mdash; FrAgriKiKi (@FrAgriKiki) <a href=\"https:\/\/twitter.com\/FrAgriKiki\/status\/1854769945919307873?ref_src=twsrc%5Etfw\">8 novembre 2024<\/a><\/blockquote><\/div>\n<\/div><\/figure>\n<\/div><\/details>\n\n\n\n<details class=\"wp-block-themeisle-blocks-accordion-item\"><summary class=\"wp-block-themeisle-blocks-accordion-item__title\"><div><strong>Le Prix Cyrille Champenois<\/strong> : une remise de pris lors du Salon de l&rsquo;Agriculture<\/div><\/summary><div class=\"wp-block-themeisle-blocks-accordion-item__content\">\n<p>Cr\u00e9\u00e9e en 2024 \u00e0 l&rsquo;occasion du Salon de l&rsquo;Agriculture, cette remise de prix de la communication positive est l&rsquo;occasion de mettre en avant des adh\u00e9rentes et adh\u00e9rents pour leur travail au service de la communication positive et de l&rsquo;agriculture fran\u00e7aise. <\/p>\n\n\n\n<p>Parmi les prix, le Prix Cyrille Champenois qui rend hommage \u00e0 notre premier pr\u00e9sident et incarne les valeurs fondamentales de FranceAgriTwittos : communication positive, bienveillance et bonne humeur. En r\u00e9compensant David Forge en 2024, l&rsquo;un de nos premiers membres de l\u2019association, nous c\u00e9l\u00e9brons l&rsquo;engagement et la passion qui animent notre communaut\u00e9.<\/p>\n\n\n\n<p><strong>Rendez-vous au SIA 2025 pour la prochaine \u00e9dition<\/strong><\/p>\n<\/div><\/details>\n<\/div>\n\n\n\n<div style=\"height:20px\" aria-hidden=\"true\" class=\"wp-block-spacer\"><\/div>\n\n\n\n<div style=\"height:36px\" aria-hidden=\"true\" class=\"wp-block-spacer\"><\/div>\n\n\n\n<div class=\"wp-block-buttons is-content-justification-center is-layout-flex wp-container-core-buttons-is-layout-4 wp-block-buttons-is-layout-flex\">\n<div class=\"wp-block-button is-style-primary\"><a class=\"wp-block-button__link has-nv-c-1-background-color has-background wp-element-button\" href=\"https:\/\/franceagritwittos.com\/index.php\/nos-reseaux-sociaux\/\" target=\"_blank\" rel=\"noreferrer noopener\">D\u00e9couvrir les actions de l&rsquo;association sur ses r\u00e9seaux sociaux<\/a><\/div>\n<\/div>\n\n\n\n<div style=\"height:40px\" aria-hidden=\"true\" class=\"wp-block-spacer\"><\/div>\n\n\n\n<p><\/p>\n\n<div class=\"twitter-share\"><a href=\"https:\/\/twitter.com\/intent\/tweet?via=Fragritwittos\" class=\"twitter-share-button\">Tweet<\/a><\/div>\n","protected":false},"excerpt":{"rendered":"","protected":false},"author":248,"featured_media":0,"parent":0,"menu_order":0,"comment_status":"closed","ping_status":"closed","template":"","meta":{"neve_meta_sidebar":"full-width","neve_meta_container":"contained","neve_meta_enable_content_width":"on","neve_meta_content_width":100,"neve_meta_title_alignment":"","neve_meta_author_avatar":"","neve_post_elements_order":"","neve_meta_disable_header":"","neve_meta_disable_footer":"","neve_meta_disable_title":"on","ngg_post_thumbnail":0,"_themeisle_gutenberg_block_has_review":false,"_ti_tpc_template_sync":false,"_ti_tpc_template_id":"","footnotes":""},"class_list":["post-2086","page","type-page","status-publish","hentry"],"yoast_head":"<!-- This site is optimized with the Yoast SEO plugin v20.1 - https:\/\/yoast.com\/wordpress\/plugins\/seo\/ -->\n<title>Nos actions - FranceAgriTwittos<\/title>\n<meta name=\"description\" content=\"Banque d&#039;images, FrAgriKiki, rencontres r\u00e9gionales, tweet-ap\u00e9ro, etc. : les actions de FranceAgriTwittos d\u00e9taill\u00e9es\" \/>\n<meta name=\"robots\" content=\"index, follow, max-snippet:-1, max-image-preview:large, max-video-preview:-1\" \/>\n<link rel=\"canonical\" href=\"https:\/\/franceagritwittos.com\/index.php\/nos-actions\/\" \/>\n<meta property=\"og:locale\" content=\"fr_FR\" \/>\n<meta property=\"og:type\" content=\"article\" \/>\n<meta property=\"og:title\" content=\"Nos actions - FranceAgriTwittos\" \/>\n<meta property=\"og:description\" content=\"Banque d&#039;images, FrAgriKiki, rencontres r\u00e9gionales, tweet-ap\u00e9ro, etc. : les actions de FranceAgriTwittos d\u00e9taill\u00e9es\" \/>\n<meta property=\"og:url\" content=\"https:\/\/franceagritwittos.com\/index.php\/nos-actions\/\" \/>\n<meta property=\"og:site_name\" content=\"FranceAgriTwittos.com\" \/>\n<meta property=\"article:modified_time\" content=\"2024-12-13T09:54:17+00:00\" \/>\n<meta property=\"og:image\" content=\"http:\/\/franceagritwittos.com\/wp-content\/uploads\/2023\/03\/FrAgTw_slider2023-1.jpg\" \/>\n<meta name=\"twitter:card\" content=\"summary_large_image\" \/>\n<meta name=\"twitter:label1\" content=\"Dur\u00e9e de lecture estim\u00e9e\" \/>\n\t<meta name=\"twitter:data1\" content=\"6 minutes\" \/>\n<script type=\"application\/ld+json\" class=\"yoast-schema-graph\">{\"@context\":\"https:\/\/schema.org\",\"@graph\":[{\"@type\":\"WebPage\",\"@id\":\"https:\/\/franceagritwittos.com\/index.php\/nos-actions\/\",\"url\":\"https:\/\/franceagritwittos.com\/index.php\/nos-actions\/\",\"name\":\"Nos actions - FranceAgriTwittos\",\"isPartOf\":{\"@id\":\"https:\/\/franceagritwittos.com\/#website\"},\"datePublished\":\"2024-11-03T15:11:48+00:00\",\"dateModified\":\"2024-12-13T09:54:17+00:00\",\"description\":\"Banque d'images, FrAgriKiki, rencontres r\u00e9gionales, tweet-ap\u00e9ro, etc. : les actions de FranceAgriTwittos d\u00e9taill\u00e9es\",\"breadcrumb\":{\"@id\":\"https:\/\/franceagritwittos.com\/index.php\/nos-actions\/#breadcrumb\"},\"inLanguage\":\"fr-FR\",\"potentialAction\":[{\"@type\":\"ReadAction\",\"target\":[\"https:\/\/franceagritwittos.com\/index.php\/nos-actions\/\"]}]},{\"@type\":\"BreadcrumbList\",\"@id\":\"https:\/\/franceagritwittos.com\/index.php\/nos-actions\/#breadcrumb\",\"itemListElement\":[{\"@type\":\"ListItem\",\"position\":1,\"name\":\"Accueil\",\"item\":\"https:\/\/franceagritwittos.com\/\"},{\"@type\":\"ListItem\",\"position\":2,\"name\":\"Nos actions\"}]},{\"@type\":\"WebSite\",\"@id\":\"https:\/\/franceagritwittos.com\/#website\",\"url\":\"https:\/\/franceagritwittos.com\/\",\"name\":\"FranceAgriTwittos.com\",\"description\":\"#FrAgTw\",\"publisher\":{\"@id\":\"https:\/\/franceagritwittos.com\/#organization\"},\"potentialAction\":[{\"@type\":\"SearchAction\",\"target\":{\"@type\":\"EntryPoint\",\"urlTemplate\":\"https:\/\/franceagritwittos.com\/?s={search_term_string}\"},\"query-input\":\"required name=search_term_string\"}],\"inLanguage\":\"fr-FR\"},{\"@type\":\"Organization\",\"@id\":\"https:\/\/franceagritwittos.com\/#organization\",\"name\":\"FranceAgriTwittos.com\",\"url\":\"https:\/\/franceagritwittos.com\/\",\"logo\":{\"@type\":\"ImageObject\",\"inLanguage\":\"fr-FR\",\"@id\":\"https:\/\/franceagritwittos.com\/#\/schema\/logo\/image\/\",\"url\":\"https:\/\/franceagritwittos.com\/wp-content\/uploads\/2023\/11\/4.png\",\"contentUrl\":\"https:\/\/franceagritwittos.com\/wp-content\/uploads\/2023\/11\/4.png\",\"width\":80,\"height\":80,\"caption\":\"FranceAgriTwittos.com\"},\"image\":{\"@id\":\"https:\/\/franceagritwittos.com\/#\/schema\/logo\/image\/\"}}]}<\/script>\n<!-- \/ Yoast SEO plugin. -->","yoast_head_json":{"title":"Nos actions - FranceAgriTwittos","description":"Banque d'images, FrAgriKiki, rencontres r\u00e9gionales, tweet-ap\u00e9ro, etc. : les actions de FranceAgriTwittos d\u00e9taill\u00e9es","robots":{"index":"index","follow":"follow","max-snippet":"max-snippet:-1","max-image-preview":"max-image-preview:large","max-video-preview":"max-video-preview:-1"},"canonical":"https:\/\/franceagritwittos.com\/index.php\/nos-actions\/","og_locale":"fr_FR","og_type":"article","og_title":"Nos actions - FranceAgriTwittos","og_description":"Banque d'images, FrAgriKiki, rencontres r\u00e9gionales, tweet-ap\u00e9ro, etc. : les actions de FranceAgriTwittos d\u00e9taill\u00e9es","og_url":"https:\/\/franceagritwittos.com\/index.php\/nos-actions\/","og_site_name":"FranceAgriTwittos.com","article_modified_time":"2024-12-13T09:54:17+00:00","og_image":[{"url":"http:\/\/franceagritwittos.com\/wp-content\/uploads\/2023\/03\/FrAgTw_slider2023-1.jpg"}],"twitter_card":"summary_large_image","twitter_misc":{"Dur\u00e9e de lecture estim\u00e9e":"6 minutes"},"schema":{"@context":"https:\/\/schema.org","@graph":[{"@type":"WebPage","@id":"https:\/\/franceagritwittos.com\/index.php\/nos-actions\/","url":"https:\/\/franceagritwittos.com\/index.php\/nos-actions\/","name":"Nos actions - FranceAgriTwittos","isPartOf":{"@id":"https:\/\/franceagritwittos.com\/#website"},"datePublished":"2024-11-03T15:11:48+00:00","dateModified":"2024-12-13T09:54:17+00:00","description":"Banque d'images, FrAgriKiki, rencontres r\u00e9gionales, tweet-ap\u00e9ro, etc. : les actions de FranceAgriTwittos d\u00e9taill\u00e9es","breadcrumb":{"@id":"https:\/\/franceagritwittos.com\/index.php\/nos-actions\/#breadcrumb"},"inLanguage":"fr-FR","potentialAction":[{"@type":"ReadAction","target":["https:\/\/franceagritwittos.com\/index.php\/nos-actions\/"]}]},{"@type":"BreadcrumbList","@id":"https:\/\/franceagritwittos.com\/index.php\/nos-actions\/#breadcrumb","itemListElement":[{"@type":"ListItem","position":1,"name":"Accueil","item":"https:\/\/franceagritwittos.com\/"},{"@type":"ListItem","position":2,"name":"Nos actions"}]},{"@type":"WebSite","@id":"https:\/\/franceagritwittos.com\/#website","url":"https:\/\/franceagritwittos.com\/","name":"FranceAgriTwittos.com","description":"#FrAgTw","publisher":{"@id":"https:\/\/franceagritwittos.com\/#organization"},"potentialAction":[{"@type":"SearchAction","target":{"@type":"EntryPoint","urlTemplate":"https:\/\/franceagritwittos.com\/?s={search_term_string}"},"query-input":"required name=search_term_string"}],"inLanguage":"fr-FR"},{"@type":"Organization","@id":"https:\/\/franceagritwittos.com\/#organization","name":"FranceAgriTwittos.com","url":"https:\/\/franceagritwittos.com\/","logo":{"@type":"ImageObject","inLanguage":"fr-FR","@id":"https:\/\/franceagritwittos.com\/#\/schema\/logo\/image\/","url":"https:\/\/franceagritwittos.com\/wp-content\/uploads\/2023\/11\/4.png","contentUrl":"https:\/\/franceagritwittos.com\/wp-content\/uploads\/2023\/11\/4.png","width":80,"height":80,"caption":"FranceAgriTwittos.com"},"image":{"@id":"https:\/\/franceagritwittos.com\/#\/schema\/logo\/image\/"}}]}},"_links":{"self":[{"href":"https:\/\/franceagritwittos.com\/index.php\/wp-json\/wp\/v2\/pages\/2086"}],"collection":[{"href":"https:\/\/franceagritwittos.com\/index.php\/wp-json\/wp\/v2\/pages"}],"about":[{"href":"https:\/\/franceagritwittos.com\/index.php\/wp-json\/wp\/v2\/types\/page"}],"author":[{"embeddable":true,"href":"https:\/\/franceagritwittos.com\/index.php\/wp-json\/wp\/v2\/users\/248"}],"replies":[{"embeddable":true,"href":"https:\/\/franceagritwittos.com\/index.php\/wp-json\/wp\/v2\/comments?post=2086"}],"version-history":[{"count":24,"href":"https:\/\/franceagritwittos.com\/index.php\/wp-json\/wp\/v2\/pages\/2086\/revisions"}],"predecessor-version":[{"id":2338,"href":"https:\/\/franceagritwittos.com\/index.php\/wp-json\/wp\/v2\/pages\/2086\/revisions\/2338"}],"wp:attachment":[{"href":"https:\/\/franceagritwittos.com\/index.php\/wp-json\/wp\/v2\/media?parent=2086"}],"curies":[{"name":"wp","href":"https:\/\/api.w.org\/{rel}","templated":true}]}}